{"id":2662,"date":"2026-01-18T19:25:17","date_gmt":"2026-01-18T17:25:17","guid":{"rendered":"https:\/\/www.kerb-wembach-hahn.de\/?page_id=2662"},"modified":"2026-01-18T19:26:46","modified_gmt":"2026-01-18T17:26:46","slug":"kerb-2026","status":"publish","type":"page","link":"https:\/\/www.kerb-wembach-hahn.de\/?page_id=2662","title":{"rendered":"Kerb 2026"},"content":{"rendered":"<div class=\"wp-block-image\">\n<figure class=\"alignright size-full is-resized\"><img loading=\"lazy\" decoding=\"async\" width=\"900\" height=\"1600\" src=\"https:\/\/www.kerb-wembach-hahn.de\/wp-content\/uploads\/2024\/05\/coming-soon.webp\" alt=\"\" class=\"wp-image-2445\" style=\"width:304px;height:auto\" srcset=\"https:\/\/www.kerb-wembach-hahn.de\/wp-content\/uploads\/2024\/05\/coming-soon.webp 900w, https:\/\/www.kerb-wembach-hahn.de\/wp-content\/uploads\/2024\/05\/coming-soon-169x300.webp 169w, https:\/\/www.kerb-wembach-hahn.de\/wp-content\/uploads\/2024\/05\/coming-soon-576x1024.webp 576w, https:\/\/www.kerb-wembach-hahn.de\/wp-content\/uploads\/2024\/05\/coming-soon-768x1365.webp 768w, https:\/\/www.kerb-wembach-hahn.de\/wp-content\/uploads\/2024\/05\/coming-soon-864x1536.webp 864w, https:\/\/www.kerb-wembach-hahn.de\/wp-content\/uploads\/2024\/05\/coming-soon-676x1202.webp 676w\" sizes=\"auto, (max-width: 900px) 100vw, 900px\" \/><\/figure>\n<\/div>\n\n\n<p>Ihr liewe, liewe Kerweg\u00e4st,<\/p>\n\n\n\n<p>Im Wiesegrund an der Waldenserhall, wie des letzte Jahr und des Jahr zuvor und davor, wollen wir mit Euch feiern! Mit gro\u00dfen Pl\u00e4nen und einigen \u00c4nderungen soll es dieses Jahr noch besser werden. Bleibt gespannt!<\/p>\n\n\n\n<hr class=\"wp-block-separator has-alpha-channel-opacity\"\/>\n\n\n\n<p><strong>12. Juni &#8211; Freitag<\/strong><br>19:30 Uhr Einl\u00e4uten der Kerb\u00a0<br>20:30 Uhr Traditioneller Bieranstich anschl. <strong>KERBZELTPARTY mit den ???<\/strong><\/p>\n\n\n\n<p><br><strong>13. Juni &#8211; Samstag<\/strong><br>15:30 Uhr Kerb Caf\u00e9 f\u00fcr Alt und Jung<br>20:30 Uhr Bunter Abend der Kerweborsch und Kerwem\u00e4dsche<br>anschl. <strong>Disco-Party mit Stefan Kr\u00fcge<\/strong>r<\/p>\n\n\n\n<p><br><strong>14. Juni &#8211; Sonntag<\/strong><br>11:00 Uhr Kerbgottesdienst im Festzelt anschl. gemeinsames Mittagessen<br>14:00 Uhr <strong>Kerbumzug<\/strong><br>15:00 Uhr Kerweredd anschl. Stimmung, Musik und Tanz mit Stefan Kr\u00fcger<\/p>\n\n\n\n<hr class=\"wp-block-separator has-alpha-channel-opacity\"\/>\n\n\n\n<p class=\"has-dark-gray-color has-text-color has-link-color has-larger-font-size wp-elements-3bb7d64606cd0ca096ea042f243bc187\"><strong>Vorbereitungen<\/strong><\/p>\n\n\n<ul class=\"wp-block-latest-posts__list has-dates wp-block-latest-posts has-regular-font-size\"><\/ul>","protected":false},"excerpt":{"rendered":"<p>Ihr liewe, liewe Kerweg\u00e4st, Im Wiesegrund an der Waldenserhall, wie des letzte Jahr und des Jahr zuvor und davor, wollen wir mit Euch feiern! Mit gro\u00dfen Pl\u00e4nen und einigen \u00c4nderungen soll es dieses Jahr noch besser werden. Bleibt gespannt! 12. Juni &#8211; Freitag19:30 Uhr Einl\u00e4uten der Kerb\u00a020:30 Uhr Traditioneller Bieranstich anschl. KERBZELTPARTY mit den ??? [&hellip;]<\/p>\n","protected":false},"author":5,"featured_media":0,"parent":0,"menu_order":0,"comment_status":"closed","ping_status":"closed","template":"","meta":{"footnotes":""},"class_list":["post-2662","page","type-page","status-publish","hentry","post-preview"],"_links":{"self":[{"href":"https:\/\/www.kerb-wembach-hahn.de\/index.php?rest_route=\/wp\/v2\/pages\/2662","targetHints":{"allow":["GET"]}}],"collection":[{"href":"https:\/\/www.kerb-wembach-hahn.de\/index.php?rest_route=\/wp\/v2\/pages"}],"about":[{"href":"https:\/\/www.kerb-wembach-hahn.de\/index.php?rest_route=\/wp\/v2\/types\/page"}],"author":[{"embeddable":true,"href":"https:\/\/www.kerb-wembach-hahn.de\/index.php?rest_route=\/wp\/v2\/users\/5"}],"replies":[{"embeddable":true,"href":"https:\/\/www.kerb-wembach-hahn.de\/index.php?rest_route=%2Fwp%2Fv2%2Fcomments&post=2662"}],"version-history":[{"count":3,"href":"https:\/\/www.kerb-wembach-hahn.de\/index.php?rest_route=\/wp\/v2\/pages\/2662\/revisions"}],"predecessor-version":[{"id":2666,"href":"https:\/\/www.kerb-wembach-hahn.de\/index.php?rest_route=\/wp\/v2\/pages\/2662\/revisions\/2666"}],"wp:attachment":[{"href":"https:\/\/www.kerb-wembach-hahn.de\/index.php?rest_route=%2Fwp%2Fv2%2Fmedia&parent=2662"}],"curies":[{"name":"wp","href":"https:\/\/api.w.org\/{rel}","templated":true}]}}